{"id":3205181,"date":"2023-10-04T00:00:00","date_gmt":"2023-10-03T22:00:00","guid":{"rendered":"https:\/\/aubervilliers-immobilier.fr\/transaction-location\/appartement-pantin-2-pieces-43-03-m2-2\/"},"modified":"2026-01-27T14:01:20","modified_gmt":"2026-01-27T13:01:20","slug":"appartement-pantin-2-pieces-43-03-m2-2","status":"publish","type":"product","link":"https:\/\/aubervilliers-immobilier.fr\/de\/transaction-location\/appartement-pantin-2-pieces-43-03-m2-2\/","title":{"rendered":"<span class=\"sdi_exclu\"><\/span>  Wohnung Pantin 2 Zimmer 43.03 m2"},"content":{"rendered":"<p>PANTIN QUATRE CHEMINS ! 4 Minuten von der Metrostation der Linie 7 Aubervilliers-Pantin Quatre Chemins und 10 Minuten vom Bahnhof RER E in Pantin entfernt. In einer sch\u00f6nen Residenz, die von der Stra\u00dfe ins Gr\u00fcne zur\u00fcckversetzt ist, befindet sich eine Wohnung im Gartengeschoss mit S\u00fcdwestlage, bestehend aus einem Eingangsbereich, einer geschlossenen K\u00fcche, einem Wohnzimmer, einem Schlafzimmer, einem Badezimmer mit WC, einem Keller im Untergeschoss und einer geschlossenen Box f\u00fcr ein Fahrzeug im Untergeschoss.<br \/>\nEinfach verglaste Holzfenster, kollektive Heizung und Warm- und Kaltwasser.<br \/>\nCharges annuelles de copropri\u00e9t\u00e9 : environ 2500 euros.<br \/>\nEXCLUSIVITE !<\/p>\n<div class=\"column1 halfcolomnproductsingle\">\n<div class=\"prixvente\"><b>Preis<\/b>: 189900 \u20ac <\/div>\n<div class=\"prixloyer\"><b>Miete<\/b>: \u20ac \/Monat<\/p>\n<style>.prixloyer {display:none !important;}<\/style>\n<\/div>\n<div class=\"caution\"><b>Kaution<\/b>: \u20ac <\/p>\n<style>.caution {display:none !important;}<\/style>\n<\/div>\n<div class=\"gesmaison\"><b>Em. CO2:\u00a0<\/b> <\/p>\n<style>.gesmaison {display:none !important;}<\/style>\n<\/div>\n<div class=\"gesappart\"><b>Em. CO2:\u00a0<\/b>D <\/div>\n<div class=\"consomaison\"><b>Conso.<\/b>: Kw\/h <\/p>\n<style>.consomaison {display:none !important;}<\/style>\n<\/div>\n<div class=\"consoappart\"><b>Conso.<\/b>: 227 Kw\/h <\/div>\n<div class=\"ville\"><b>Stadt<\/b>: 93500 PANTIN<\/div>\n<div class=\"surfacemaison\"><b>Fl\u00e4che<\/b>: m2 <\/p>\n<style>.surfacemaison {display:none !important;}<\/style>\n<\/div>\n<div class=\"surfaceappart\"><b>Fl\u00e4che<\/b>: 43m2 <\/div>\n<div class=\"surfaceimmeuble\"><b>Fl\u00e4che<\/b>: m2 <\/p>\n<style>.surfaceimmeuble {display:none !important;}<\/style>\n<\/div>\n<div class=\"surfaceparking\"><b>Fl\u00e4che<\/b>: m2 <\/p>\n<style>.surfaceparking {display:none !important;}<\/style>\n<\/div>\n<div class=\"surfaceterrain\"><b>Fl\u00e4che<\/b>: m2 <\/p>\n<style>.surfaceterrain {display:none !important;}<\/style>\n<\/div>\n<div class=\"piecesmaison\"><b>M\u00fcnzen<\/b>:  <\/p>\n<style>.piecesmaison {display:none !important;}<\/style>\n<\/div>\n<div class=\"piecesappart\"><b>M\u00fcnzen<\/b>: 2 <\/div>\n<div class=\"piecesimmeuble\"><b>M\u00fcnzen<\/b>: <\/p>\n<style>.piecesimmeuble {display:none !important;}<\/style>\n<\/div>\n<div class=\"sdbmaison\"><b>S. B\u00e4der<\/b>:  <\/p>\n<style>.sdbmaison {display:none !important;}<\/style>\n<\/div>\n<div class=\"sdbappart\"><b>S. B\u00e4der<\/b>: 1 <\/div>\n<div class=\"sdemaison\"><b>S. Wasser<\/b>: <\/p>\n<style>.sdemaison {display:none !important;}<\/style>\n<\/div>\n<div class=\"sdeappart\"><b>S. Wasser<\/b>:  <\/p>\n<style>.sdeappart {display:none !important;}<\/style>\n<\/div>\n<div class=\"etagesappart\"><b>Etage<\/b>: 0\/5<\/p>\n<style>.etagesappart {display:none !important;}<\/style>\n<\/div>\n<div class=\"etagesmaison\"><b>Etage<\/b>: \/<\/p>\n<style>.etagesmaison {display:none !important;}<\/style>\n<\/div>\n<div class=\"etagesimmeuble\"><b>Etage<\/b>:  <\/p>\n<style>.etagesimmeuble {display:none !important;}<\/style>\n<\/div>\n<\/div>\n<div class=\"column1 halfcolomnproductsingle\">\n<div class=\"assainissementterrain\"><b>Sanierung<\/b>: <\/p>\n<style>.assainissementterrain {display:none !important;}<\/style>\n<\/div>\n<div class=\"construcmaison\"><b>Konstrukt<\/b>:   <\/p>\n<style>.construcmaison {display:none !important;}<\/style>\n<\/div>\n<div class=\"construcappart\"><b>Konstrukt<\/b>: 1970 Beton <\/div>\n<div class=\"chambresappart\"><b>Zimmer<\/b>: 1<\/div>\n<div class=\"chambresmaison\"><b>Zimmer<\/b>: <\/p>\n<style>.chambresmaison {display:none !important;}<\/style>\n<\/div>\n<div class=\"chambresimmeuble\"><b>Zimmer<\/b>: <\/p>\n<style>.chambresimmeuble {display:none !important;}<\/style>\n<\/div>\n<div class=\"vuedappart\"><b>Ansicht<\/b>:  <\/p>\n<style>.vuedappart {display:none !important;}<\/style>\n<\/div>\n<div class=\"vuemaison\"><b>Ansicht<\/b>:  <\/p>\n<style>.vuemaison {display:none !important;}<\/style>\n<\/div>\n<div class=\"fenetresmaison\"><b>Fenster<\/b>:\u00a0 <\/p>\n<style>.fenetresmaison {display:none !important;}<\/style>\n<\/div>\n<div class=\"fenetresappart\"><b>Fenster<\/b>: Holz Einfachverglasung <\/div>\n<div class=\"chauffagemaison\"><b>Heizung<\/b>:  <\/p>\n<style>.chauffagemaison {display:none !important;}<\/style>\n<\/div>\n<div class=\"chauffagemodemaison\"><b>Heizung<\/b>: <\/p>\n<style>.chauffagemodemaison {display:none !important;}<\/style>\n<\/div>\n<div class=\"chauffageappart\"><b>Heizung<\/b>: Kollektiv <\/div>\n<div class=\"chauffagemodeappart\"><b>Heizung<\/b>: <\/p>\n<style>.chauffagemodeappart {display:none !important;}<\/style>\n<\/div>\n<div class=\"cuisinemaison\"><b>K\u00fcche<\/b>: <\/p>\n<style>.cuisinemaison {display:none !important;}<\/style>\n<\/div>\n<div class=\"cuisineappart\"><b>K\u00fcche<\/b>: Independante <\/p>\n<style>.cuisineappart {display:none !important;}<\/style>\n<\/div>\n<div class=\"honovente\"><b>Hono<\/b>: Verk\u00e4ufer <\/div>\n<div class=\"honoloc\"><b>Hono<\/b>: \u20ac <\/p>\n<style>.honoloc {display:none !important;}<\/style>\n<\/div>\n<\/div>\n<p>&nbsp;<\/p>\n<div class=\"dpeappart\"><img decoding=\"async\" src=\"\/wp-content\/uploads\/2020\/03\/DPE-D.png\" \/><\/div>\n<div class=\"dpemaison\"><\/div>","protected":false},"excerpt":{"rendered":"<p>  PANTIN QUATRE CHEMINS ! 4 Minuten von der Metrostation der Linie 7 Aubervilliers-Pantin Quatre Chemins und 10 Minuten vom Bahnhof RER E in Pantin entfernt. In einer sch\u00f6nen Residenz, die von der Stra\u00dfe ins Gr\u00fcne zur\u00fcckversetzt ist, befindet sich eine Wohnung im Gartengeschoss mit S\u00fcdwestlage, bestehend aus einem Eingangsbereich, einer geschlossenen K\u00fcche, einem Wohnzimmer, einem Schlafzimmer, einem Badezimmer mit WC, einem Keller im Untergeschoss und einer geschlossenen Box f\u00fcr ein Fahrzeug im Untergeschoss.<br \/>\nEinfach verglaste Holzfenster, kollektive Heizung und Warm- und Kaltwasser.<br \/>\nJ\u00e4hrliche Kosten f\u00fcr das Miteigentum: ca. 2500 Euro. EXKLUSIV!     <\/p>\n<div class=\"column1 halfcolomnproductsingle\">\n<div class=\"prixvente\"><b>Preis<\/b>: 189900 \u20ac <\/div>\n<div class=\"prixloyer\"><b>Miete<\/b>: \u20ac \/Monat<\/p>\n<style>.prixloyer {display:none !important;}<\/style>\n<\/div>\n<div class=\"caution\"><b>Kaution<\/b>: \u20ac <\/p>\n<style>.caution {display:none !important;}<\/style>\n<\/div>\n<div class=\"gesmaison\"><b>Em. CO2:\u00a0<\/b> <\/p>\n<style>.gesmaison {display:none !important;}<\/style>\n<\/div>\n<div class=\"gesappart\"><b>Em. CO2:\u00a0<\/b>D <\/div>\n<div class=\"consomaison\"><b>Conso.<\/b>: Kw\/h <\/p>\n<style>.consomaison {display:none !important;}<\/style>\n<\/div>\n<div class=\"consoappart\"><b>Conso.<\/b>: 227 Kw\/h <\/div>\n<div class=\"ville\"><b>Stadt<\/b>: 93500 PANTIN<\/div>\n<div class=\"surfacemaison\"><b>Fl\u00e4che<\/b>: m2 <\/p>\n<style>.surfacemaison {display:none !important;}<\/style>\n<\/div>\n<div class=\"surfaceappart\"><b>Fl\u00e4che<\/b>: 43m2 <\/div>\n<div class=\"surfaceimmeuble\"><b>Fl\u00e4che<\/b>: m2 <\/p>\n<style>.surfaceimmeuble {display:none !important;}<\/style>\n<\/div>\n<div class=\"surfaceparking\"><b>Fl\u00e4che<\/b>: m2 <\/p>\n<style>.surfaceparking {display:none !important;}<\/style>\n<\/div>\n<div class=\"surfaceterrain\"><b>Fl\u00e4che<\/b>: m2 <\/p>\n<style>.surfaceterrain {display:none !important;}<\/style>\n<\/div>\n<div class=\"piecesmaison\"><b>M\u00fcnzen<\/b>:  <\/p>\n<style>.piecesmaison {display:none !important;}<\/style>\n<\/div>\n<div class=\"piecesappart\"><b>M\u00fcnzen<\/b>: 2 <\/div>\n<div class=\"piecesimmeuble\"><b>M\u00fcnzen<\/b>: <\/p>\n<style>.piecesimmeuble {display:none !important;}<\/style>\n<\/div>\n<div class=\"sdbmaison\"><b>S. B\u00e4der<\/b>:  <\/p>\n<style>.sdbmaison {display:none !important;}<\/style>\n<\/div>\n<div class=\"sdbappart\"><b>S. B\u00e4der<\/b>: 1 <\/div>\n<div class=\"sdemaison\"><b>S. Wasser<\/b>: <\/p>\n<style>.sdemaison {display:none !important;}<\/style>\n<\/div>\n<div class=\"sdeappart\"><b>S. Wasser<\/b>:  <\/p>\n<style>.sdeappart {display:none !important;}<\/style>\n<\/div>\n<div class=\"etagesappart\"><b>Etage<\/b>: 0\/5<\/p>\n<style>.etagesappart {display:none !important;}<\/style>\n<\/div>\n<div class=\"etagesmaison\"><b>Etage<\/b>: \/<\/p>\n<style>.etagesmaison {display:none !important;}<\/style>\n<\/div>\n<div class=\"etagesimmeuble\"><b>Etage<\/b>:  <\/p>\n<style>.etagesimmeuble {display:none !important;}<\/style>\n<\/div><\/div>\n<div class=\"column1 halfcolomnproductsingle\">\n<div class=\"assainissementterrain\"><b>Sanierung<\/b>: <\/p>\n<style>.assainissementterrain {display:none !important;}<\/style>\n<\/div>\n<div class=\"construcmaison\"><b>Konstrukt<\/b>:   <\/p>\n<style>.construcmaison {display:none !important;}<\/style>\n<\/div>\n<div class=\"construcappart\"><b>Konstrukt<\/b>: 1970 Beton <\/div>\n<div class=\"chambresappart\"><b>Zimmer<\/b>: 1<\/div>\n<div class=\"chambresmaison\"><b>Zimmer<\/b>: <\/p>\n<style>.chambresmaison {display:none !important;}<\/style>\n<\/div>\n<div class=\"chambresimmeuble\"><b>Zimmer<\/b>: <\/p>\n<style>.chambresimmeuble {display:none !important;}<\/style>\n<\/div>\n<div class=\"vuedappart\"><b>Ansicht<\/b>:  <\/p>\n<style>.vuedappart {display:none !important;}<\/style>\n<\/div>\n<div class=\"vuemaison\"><b>Ansicht<\/b>:  <\/p>\n<style>.vuemaison {display:none !important;}<\/style>\n<\/div>\n<div class=\"fenetresmaison\"><b>Fenster<\/b>:\u00a0 <\/p>\n<style>.fenetresmaison {display:none !important;}<\/style>\n<\/div>\n<div class=\"fenetresappart\"><b>Fenster<\/b>: Holz Einfachverglasung <\/div>\n<div class=\"chauffagemaison\"><b>Heizung<\/b>:  <\/p>\n<style>.chauffagemaison {display:none !important;}<\/style>\n<\/div>\n<div class=\"chauffagemodemaison\"><b>Heizung<\/b>: <\/p>\n<style>.chauffagemodemaison {display:none !important;}<\/style>\n<\/div>\n<div class=\"chauffageappart\"><b>Heizung<\/b>: Kollektiv <\/div>\n<div class=\"chauffagemodeappart\"><b>Heizung<\/b>: <\/p>\n<style>.chauffagemodeappart {display:none !important;}<\/style>\n<\/div>\n<div class=\"cuisinemaison\"><b>K\u00fcche<\/b>: <\/p>\n<style>.cuisinemaison {display:none !important;}<\/style>\n<\/div>\n<div class=\"cuisineappart\"><b>K\u00fcche<\/b>: Independante <\/p>\n<style>.cuisineappart {display:none !important;}<\/style>\n<\/div>\n<div class=\"honovente\"><b>Hono<\/b>: Verk\u00e4ufer <\/div>\n<div class=\"honoloc\"><b>Hono<\/b>: \u20ac <\/p>\n<style>.honoloc {display:none !important;}<\/style>\n<\/div><\/div>\n<p> \u00a0   <\/p>\n<div class=\"dpeappart\" style=\"display: none;\"><img decoding=\"async\" src=\"\/wp-content\/uploads\/2020\/03\/DPE-D.png\" \/><\/div>\n<div class=\"dpemaison\" style=\"display: none;\"><\/div>","protected":false},"featured_media":4058720,"template":"","meta":{"_et_pb_use_builder":"on","_et_pb_old_content":"","_et_gb_content_width":""},"product_brand":[],"product_cat":[984],"product_tag":[3183],"ville":[],"code_postal":[],"mot_cle":[3180,963,3088,966,964,965],"surface_bien":[],"type_produit":[2268],"prix_loc":[2285],"prix_transac":[3157],"vendu":[2453],"class_list":{"0":"post-3205181","1":"product","2":"type-product","3":"status-publish","4":"has-post-thumbnail","6":"product_cat-appartement","7":"product_tag-pantin-beton-appartement-a-vendre-maison-a-vendre-transaction-immobilier-aubervilliers-immobilier-93300","8":"pa_prixtransactionpouralerte-2437","9":"mot_cle-3180","10":"mot_cle-appartement-a-vendre","11":"mot_cle-aubervilliers","12":"mot_cle-immobilier","13":"mot_cle-maison-a-vendre","14":"mot_cle-transaction","15":"type_produit-acheter","16":"prix_loc-2285","17":"prix_transac-189900-00","19":"first","20":"instock","21":"purchasable","22":"product-type-simple"},"yoast_head":"<!-- This site is optimized with the Yoast SEO plugin v27.5 - https:\/\/yoast.com\/product\/yoast-seo-wordpress\/ -->\n<title>A vendre Appartement Pantin 2 pi\u00e8ce(s) 43.03 m2<\/title>\n<meta name=\"description\" content=\"Immobilier A vendreA louer Appartement Pantin 2 pi\u00e8ce(s) 43.03 m2 93300, Aubervilliers, location et vente\" \/>\n<meta name=\"robots\" content=\"index, follow, max-snippet:-1, max-image-preview:large, max-video-preview:-1\" \/>\n<link rel=\"canonical\" href=\"https:\/\/aubervilliers-immobilier.fr\/de\/transaction-location\/appartement-pantin-2-pieces-43-03-m2-2\/\" \/>\n<meta property=\"og:locale\" content=\"de_DE\" \/>\n<meta property=\"og:type\" content=\"article\" \/>\n<meta property=\"og:title\" content=\"A vendre Appartement Pantin 2 pi\u00e8ce(s) 43.03 m2\" \/>\n<meta property=\"og:description\" content=\"Immobilier A vendreA louer Appartement Pantin 2 pi\u00e8ce(s) 43.03 m2 93300, Aubervilliers, location et vente\" \/>\n<meta property=\"og:url\" content=\"https:\/\/aubervilliers-immobilier.fr\/de\/transaction-location\/appartement-pantin-2-pieces-43-03-m2-2\/\" \/>\n<meta property=\"og:site_name\" content=\"Aubervilliers Immobilier | Agence Immobili\u00e8re \u00e0 Aubervilliers\" \/>\n<meta property=\"article:modified_time\" content=\"2026-01-27T13:01:20+00:00\" \/>\n<meta property=\"og:image\" content=\"https:\/\/aubervilliers-immobilier.fr\/wp-content\/uploads\/2024\/12\/2023-162816.jpg\" \/>\n\t<meta property=\"og:image:width\" content=\"1920\" \/>\n\t<meta property=\"og:image:height\" content=\"1080\" \/>\n\t<meta property=\"og:image:type\" content=\"image\/jpeg\" \/>\n<meta name=\"twitter:card\" content=\"summary_large_image\" \/>\n<meta name=\"twitter:label1\" content=\"Gesch\u00e4tzte Lesezeit\" \/>\n\t<meta name=\"twitter:data1\" content=\"1\u00a0Minute\" \/>\n<script type=\"application\/ld+json\" class=\"yoast-schema-graph\">{\"@context\":\"https:\\\/\\\/schema.org\",\"@graph\":[{\"@type\":\"WebPage\",\"@id\":\"https:\\\/\\\/aubervilliers-immobilier.fr\\\/transaction-location\\\/appartement-pantin-2-pieces-43-03-m2-2\\\/\",\"url\":\"https:\\\/\\\/aubervilliers-immobilier.fr\\\/transaction-location\\\/appartement-pantin-2-pieces-43-03-m2-2\\\/\",\"name\":\"A vendre Appartement Pantin 2 pi\u00e8ce(s) 43.03 m2\",\"isPartOf\":{\"@id\":\"https:\\\/\\\/aubervilliers-immobilier.fr\\\/#website\"},\"primaryImageOfPage\":{\"@id\":\"https:\\\/\\\/aubervilliers-immobilier.fr\\\/transaction-location\\\/appartement-pantin-2-pieces-43-03-m2-2\\\/#primaryimage\"},\"image\":{\"@id\":\"https:\\\/\\\/aubervilliers-immobilier.fr\\\/transaction-location\\\/appartement-pantin-2-pieces-43-03-m2-2\\\/#primaryimage\"},\"thumbnailUrl\":\"https:\\\/\\\/aubervilliers-immobilier.fr\\\/wp-content\\\/uploads\\\/2024\\\/12\\\/2023-162816.jpg\",\"datePublished\":\"2023-10-03T22:00:00+00:00\",\"dateModified\":\"2026-01-27T13:01:20+00:00\",\"description\":\"Immobilier A vendreA louer Appartement Pantin 2 pi\u00e8ce(s) 43.03 m2 93300, Aubervilliers, location et vente\",\"breadcrumb\":{\"@id\":\"https:\\\/\\\/aubervilliers-immobilier.fr\\\/transaction-location\\\/appartement-pantin-2-pieces-43-03-m2-2\\\/#breadcrumb\"},\"inLanguage\":\"de\",\"potentialAction\":[{\"@type\":\"ReadAction\",\"target\":[\"https:\\\/\\\/aubervilliers-immobilier.fr\\\/transaction-location\\\/appartement-pantin-2-pieces-43-03-m2-2\\\/\"]}]},{\"@type\":\"ImageObject\",\"inLanguage\":\"de\",\"@id\":\"https:\\\/\\\/aubervilliers-immobilier.fr\\\/transaction-location\\\/appartement-pantin-2-pieces-43-03-m2-2\\\/#primaryimage\",\"url\":\"https:\\\/\\\/aubervilliers-immobilier.fr\\\/wp-content\\\/uploads\\\/2024\\\/12\\\/2023-162816.jpg\",\"contentUrl\":\"https:\\\/\\\/aubervilliers-immobilier.fr\\\/wp-content\\\/uploads\\\/2024\\\/12\\\/2023-162816.jpg\",\"width\":1920,\"height\":1080,\"caption\":\"Saint Denis Immobilier\"},{\"@type\":\"BreadcrumbList\",\"@id\":\"https:\\\/\\\/aubervilliers-immobilier.fr\\\/transaction-location\\\/appartement-pantin-2-pieces-43-03-m2-2\\\/#breadcrumb\",\"itemListElement\":[{\"@type\":\"ListItem\",\"position\":1,\"name\":\"Home\",\"item\":\"https:\\\/\\\/aubervilliers-immobilier.fr\\\/\"},{\"@type\":\"ListItem\",\"position\":2,\"name\":\"Appartements &#038; Maisons \u00e0 Vendre\",\"item\":\"https:\\\/\\\/aubervilliers-immobilier.fr\\\/?page_id=18775\"},{\"@type\":\"ListItem\",\"position\":3,\"name\":\"Appartement Pantin 2 pi\u00e8ce(s) 43.03 m2\"}]},{\"@type\":\"WebSite\",\"@id\":\"https:\\\/\\\/aubervilliers-immobilier.fr\\\/#website\",\"url\":\"https:\\\/\\\/aubervilliers-immobilier.fr\\\/\",\"name\":\"Aubervilliers Immobilier | Agence Immobili\u00e8re \u00e0 Aubervilliers\",\"description\":\"\",\"publisher\":{\"@id\":\"https:\\\/\\\/aubervilliers-immobilier.fr\\\/#organization\"},\"potentialAction\":[{\"@type\":\"SearchAction\",\"target\":{\"@type\":\"EntryPoint\",\"urlTemplate\":\"https:\\\/\\\/aubervilliers-immobilier.fr\\\/?s={search_term_string}\"},\"query-input\":{\"@type\":\"PropertyValueSpecification\",\"valueRequired\":true,\"valueName\":\"search_term_string\"}}],\"inLanguage\":\"de\"},{\"@type\":\"Organization\",\"@id\":\"https:\\\/\\\/aubervilliers-immobilier.fr\\\/#organization\",\"name\":\"Aubervilliers Immobilier\",\"url\":\"https:\\\/\\\/aubervilliers-immobilier.fr\\\/\",\"logo\":{\"@type\":\"ImageObject\",\"inLanguage\":\"de\",\"@id\":\"https:\\\/\\\/aubervilliers-immobilier.fr\\\/#\\\/schema\\\/logo\\\/image\\\/\",\"url\":\"https:\\\/\\\/aubervilliers-immobilier.fr\\\/wp-content\\\/uploads\\\/2020\\\/03\\\/cropped-colorupdate-logo-new-cropped-2-2.png\",\"contentUrl\":\"https:\\\/\\\/aubervilliers-immobilier.fr\\\/wp-content\\\/uploads\\\/2020\\\/03\\\/cropped-colorupdate-logo-new-cropped-2-2.png\",\"width\":512,\"height\":512,\"caption\":\"Aubervilliers Immobilier\"},\"image\":{\"@id\":\"https:\\\/\\\/aubervilliers-immobilier.fr\\\/#\\\/schema\\\/logo\\\/image\\\/\"}}]}<\/script>\n<!-- \/ Yoast SEO plugin. -->","yoast_head_json":{"title":"A vendre Appartement Pantin 2 pi\u00e8ce(s) 43.03 m2","description":"Immobilier A vendreA louer Appartement Pantin 2 pi\u00e8ce(s) 43.03 m2 93300, Aubervilliers, location et vente","robots":{"index":"index","follow":"follow","max-snippet":"max-snippet:-1","max-image-preview":"max-image-preview:large","max-video-preview":"max-video-preview:-1"},"canonical":"https:\/\/aubervilliers-immobilier.fr\/de\/transaction-location\/appartement-pantin-2-pieces-43-03-m2-2\/","og_locale":"de_DE","og_type":"article","og_title":"A vendre Appartement Pantin 2 pi\u00e8ce(s) 43.03 m2","og_description":"Immobilier A vendreA louer Appartement Pantin 2 pi\u00e8ce(s) 43.03 m2 93300, Aubervilliers, location et vente","og_url":"https:\/\/aubervilliers-immobilier.fr\/de\/transaction-location\/appartement-pantin-2-pieces-43-03-m2-2\/","og_site_name":"Aubervilliers Immobilier | Agence Immobili\u00e8re \u00e0 Aubervilliers","article_modified_time":"2026-01-27T13:01:20+00:00","og_image":[{"width":1920,"height":1080,"url":"https:\/\/aubervilliers-immobilier.fr\/wp-content\/uploads\/2024\/12\/2023-162816.jpg","type":"image\/jpeg"}],"twitter_card":"summary_large_image","twitter_misc":{"Gesch\u00e4tzte Lesezeit":"1\u00a0Minute"},"schema":{"@context":"https:\/\/schema.org","@graph":[{"@type":"WebPage","@id":"https:\/\/aubervilliers-immobilier.fr\/transaction-location\/appartement-pantin-2-pieces-43-03-m2-2\/","url":"https:\/\/aubervilliers-immobilier.fr\/transaction-location\/appartement-pantin-2-pieces-43-03-m2-2\/","name":"A vendre Appartement Pantin 2 pi\u00e8ce(s) 43.03 m2","isPartOf":{"@id":"https:\/\/aubervilliers-immobilier.fr\/#website"},"primaryImageOfPage":{"@id":"https:\/\/aubervilliers-immobilier.fr\/transaction-location\/appartement-pantin-2-pieces-43-03-m2-2\/#primaryimage"},"image":{"@id":"https:\/\/aubervilliers-immobilier.fr\/transaction-location\/appartement-pantin-2-pieces-43-03-m2-2\/#primaryimage"},"thumbnailUrl":"https:\/\/aubervilliers-immobilier.fr\/wp-content\/uploads\/2024\/12\/2023-162816.jpg","datePublished":"2023-10-03T22:00:00+00:00","dateModified":"2026-01-27T13:01:20+00:00","description":"Immobilier A vendreA louer Appartement Pantin 2 pi\u00e8ce(s) 43.03 m2 93300, Aubervilliers, location et vente","breadcrumb":{"@id":"https:\/\/aubervilliers-immobilier.fr\/transaction-location\/appartement-pantin-2-pieces-43-03-m2-2\/#breadcrumb"},"inLanguage":"de","potentialAction":[{"@type":"ReadAction","target":["https:\/\/aubervilliers-immobilier.fr\/transaction-location\/appartement-pantin-2-pieces-43-03-m2-2\/"]}]},{"@type":"ImageObject","inLanguage":"de","@id":"https:\/\/aubervilliers-immobilier.fr\/transaction-location\/appartement-pantin-2-pieces-43-03-m2-2\/#primaryimage","url":"https:\/\/aubervilliers-immobilier.fr\/wp-content\/uploads\/2024\/12\/2023-162816.jpg","contentUrl":"https:\/\/aubervilliers-immobilier.fr\/wp-content\/uploads\/2024\/12\/2023-162816.jpg","width":1920,"height":1080,"caption":"Saint Denis Immobilier"},{"@type":"BreadcrumbList","@id":"https:\/\/aubervilliers-immobilier.fr\/transaction-location\/appartement-pantin-2-pieces-43-03-m2-2\/#breadcrumb","itemListElement":[{"@type":"ListItem","position":1,"name":"Home","item":"https:\/\/aubervilliers-immobilier.fr\/"},{"@type":"ListItem","position":2,"name":"Appartements &#038; Maisons \u00e0 Vendre","item":"https:\/\/aubervilliers-immobilier.fr\/?page_id=18775"},{"@type":"ListItem","position":3,"name":"Appartement Pantin 2 pi\u00e8ce(s) 43.03 m2"}]},{"@type":"WebSite","@id":"https:\/\/aubervilliers-immobilier.fr\/#website","url":"https:\/\/aubervilliers-immobilier.fr\/","name":"Aubervilliers Immobilier | Agence Immobili\u00e8re \u00e0 Aubervilliers","description":"","publisher":{"@id":"https:\/\/aubervilliers-immobilier.fr\/#organization"},"potentialAction":[{"@type":"SearchAction","target":{"@type":"EntryPoint","urlTemplate":"https:\/\/aubervilliers-immobilier.fr\/?s={search_term_string}"},"query-input":{"@type":"PropertyValueSpecification","valueRequired":true,"valueName":"search_term_string"}}],"inLanguage":"de"},{"@type":"Organization","@id":"https:\/\/aubervilliers-immobilier.fr\/#organization","name":"Aubervilliers Immobilier","url":"https:\/\/aubervilliers-immobilier.fr\/","logo":{"@type":"ImageObject","inLanguage":"de","@id":"https:\/\/aubervilliers-immobilier.fr\/#\/schema\/logo\/image\/","url":"https:\/\/aubervilliers-immobilier.fr\/wp-content\/uploads\/2020\/03\/cropped-colorupdate-logo-new-cropped-2-2.png","contentUrl":"https:\/\/aubervilliers-immobilier.fr\/wp-content\/uploads\/2020\/03\/cropped-colorupdate-logo-new-cropped-2-2.png","width":512,"height":512,"caption":"Aubervilliers Immobilier"},"image":{"@id":"https:\/\/aubervilliers-immobilier.fr\/#\/schema\/logo\/image\/"}}]}},"_links":{"self":[{"href":"https:\/\/aubervilliers-immobilier.fr\/de\/wp-json\/wp\/v2\/product\/3205181","targetHints":{"allow":["GET"]}}],"collection":[{"href":"https:\/\/aubervilliers-immobilier.fr\/de\/wp-json\/wp\/v2\/product"}],"about":[{"href":"https:\/\/aubervilliers-immobilier.fr\/de\/wp-json\/wp\/v2\/types\/product"}],"wp:featuredmedia":[{"embeddable":true,"href":"https:\/\/aubervilliers-immobilier.fr\/de\/wp-json\/wp\/v2\/media\/4058720"}],"wp:attachment":[{"href":"https:\/\/aubervilliers-immobilier.fr\/de\/wp-json\/wp\/v2\/media?parent=3205181"}],"wp:term":[{"taxonomy":"product_brand","embeddable":true,"href":"https:\/\/aubervilliers-immobilier.fr\/de\/wp-json\/wp\/v2\/product_brand?post=3205181"},{"taxonomy":"product_cat","embeddable":true,"href":"https:\/\/aubervilliers-immobilier.fr\/de\/wp-json\/wp\/v2\/product_cat?post=3205181"},{"taxonomy":"product_tag","embeddable":true,"href":"https:\/\/aubervilliers-immobilier.fr\/de\/wp-json\/wp\/v2\/product_tag?post=3205181"},{"taxonomy":"ville","embeddable":true,"href":"https:\/\/aubervilliers-immobilier.fr\/de\/wp-json\/wp\/v2\/ville?post=3205181"},{"taxonomy":"code_postal","embeddable":true,"href":"https:\/\/aubervilliers-immobilier.fr\/de\/wp-json\/wp\/v2\/code_postal?post=3205181"},{"taxonomy":"mot_cle","embeddable":true,"href":"https:\/\/aubervilliers-immobilier.fr\/de\/wp-json\/wp\/v2\/mot_cle?post=3205181"},{"taxonomy":"surface_bien","embeddable":true,"href":"https:\/\/aubervilliers-immobilier.fr\/de\/wp-json\/wp\/v2\/surface_bien?post=3205181"},{"taxonomy":"type_produit","embeddable":true,"href":"https:\/\/aubervilliers-immobilier.fr\/de\/wp-json\/wp\/v2\/type_produit?post=3205181"},{"taxonomy":"prix_loc","embeddable":true,"href":"https:\/\/aubervilliers-immobilier.fr\/de\/wp-json\/wp\/v2\/prix_loc?post=3205181"},{"taxonomy":"prix_transac","embeddable":true,"href":"https:\/\/aubervilliers-immobilier.fr\/de\/wp-json\/wp\/v2\/prix_transac?post=3205181"},{"taxonomy":"vendu","embeddable":true,"href":"https:\/\/aubervilliers-immobilier.fr\/de\/wp-json\/wp\/v2\/vendu?post=3205181"}],"curies":[{"name":"wp","href":"https:\/\/api.w.org\/{rel}","templated":true}]}}