{"id":4057925,"date":"2023-10-04T00:00:00","date_gmt":"2023-10-03T22:00:00","guid":{"rendered":"https:\/\/aubervilliers-immobilier.fr\/transaction-location\/appartement-aubervilliers-2-pieces-3532-m2-2\/"},"modified":"2026-01-27T14:01:33","modified_gmt":"2026-01-27T13:01:33","slug":"appartement-aubervilliers-2-pieces-3532-m2","status":"publish","type":"product","link":"https:\/\/aubervilliers-immobilier.fr\/es\/transaction-location\/piso-aubervilliers-2-habitaciones-3532-m2\/","title":{"rendered":"Apartamento Aubervilliers 2 habitacion(es) 35.32 m2"},"content":{"rendered":"<p>A 2 minutos de la estaci\u00f3n de metro l\u00ednea 7 Aubervilliers-Pantin Quatre Chemins y a 16 minutos de la estaci\u00f3n de metro l\u00ednea 12 Mairie d'Aubervilliers. Condominio que data de la d\u00e9cada de 1930, en un peque\u00f1o edificio de una planta en la parte trasera del patio, en un nivel tranquilo jard\u00edn, un piso totalmente renovado con vistas a un peque\u00f1o jard\u00edn, que consta de dos habitaciones, cocina independiente equipada con trastero, cuarto de ducha con WC y una bodega independiente en el s\u00f3tano debajo de la plana.<br \/>\nCalefacci\u00f3n el\u00e9ctrica individual, ventanas de doble acristalamiento.<br \/>\nGastos anuales de copropiedad: aprox. 1.512 euros.<\/p>\n<div class=\"column1 halfcolomnproductsingle\">\n<div class=\"prixvente\"><b>Precios<\/b>: 209000 \u20ac <\/div>\n<div class=\"prixloyer\"><b>Alquiler<\/b>: \u20ac \/mes<\/p>\n<style>.prixloyer {display:none !important;}<\/style>\n<\/div>\n<div class=\"caution\"><b>Dep\u00f3sito<\/b>: \u20ac <\/p>\n<style>.caution {display:none !important;}<\/style>\n<\/div>\n<div class=\"gesmaison\"><b>Em. CO2:\u00a0<\/b> <\/p>\n<style>.gesmaison {display:none !important;}<\/style>\n<\/div>\n<div class=\"gesappart\"><b>Em. CO2:\u00a0<\/b>A <\/div>\n<div class=\"consomaison\"><b>Consumo<\/b>Kw\/h <\/p>\n<style>.consomaison {display:none !important;}<\/style>\n<\/div>\n<div class=\"consoappart\"><b>Consumo<\/b>: 171 Kw\/h <\/div>\n<div class=\"ville\"><b>Ciudad<\/b>93300 AUBERVILLIERS<\/div>\n<div class=\"surfacemaison\"><b>Superficie<\/b>: m2 <\/p>\n<style>.surfacemaison {display:none !important;}<\/style>\n<\/div>\n<div class=\"surfaceappart\"><b>Superficie<\/b>: 35m2 <\/div>\n<div class=\"surfaceimmeuble\"><b>Superficie<\/b>: m2 <\/p>\n<style>.surfaceimmeuble {display:none !important;}<\/style>\n<\/div>\n<div class=\"surfaceparking\"><b>Superficie<\/b>: m2 <\/p>\n<style>.surfaceparking {display:none !important;}<\/style>\n<\/div>\n<div class=\"surfaceterrain\"><b>Superficie<\/b>: m2 <\/p>\n<style>.surfaceterrain {display:none !important;}<\/style>\n<\/div>\n<div class=\"piecesmaison\"><b>Piezas<\/b>:  <\/p>\n<style>.piecesmaison {display:none !important;}<\/style>\n<\/div>\n<div class=\"piecesappart\"><b>Piezas<\/b>: 2 <\/div>\n<div class=\"piecesimmeuble\"><b>Piezas<\/b>: <\/p>\n<style>.piecesimmeuble {display:none !important;}<\/style>\n<\/div>\n<div class=\"sdbmaison\"><b>Ba\u00f1os S.<\/b>:  <\/p>\n<style>.sdbmaison {display:none !important;}<\/style>\n<\/div>\n<div class=\"sdbappart\"><b>Ba\u00f1os S.<\/b>: 0 <\/p>\n<style>.sdbappart {display:none !important;}<\/style>\n<\/div>\n<div class=\"sdemaison\"><b>S. agua<\/b>: <\/p>\n<style>.sdemaison {display:none !important;}<\/style>\n<\/div>\n<div class=\"sdeappart\"><b>S. agua<\/b>: 1 <\/div>\n<div class=\"etagesappart\"><b>Suelo<\/b>: 0\/1<\/p>\n<style>.etagesappart {display:none !important;}<\/style>\n<\/div>\n<div class=\"etagesmaison\"><b>Suelo<\/b>: \/<\/p>\n<style>.etagesmaison {display:none !important;}<\/style>\n<\/div>\n<div class=\"etagesimmeuble\"><b>Suelo<\/b>:  <\/p>\n<style>.etagesimmeuble {display:none !important;}<\/style>\n<\/div>\n<\/div>\n<div class=\"column1 halfcolomnproductsingle\">\n<div class=\"assainissementterrain\"><b>Saneamiento<\/b>: <\/p>\n<style>.assainissementterrain {display:none !important;}<\/style>\n<\/div>\n<div class=\"construcmaison\"><b>Construcci\u00f3n<\/b>:   <\/p>\n<style>.construcmaison {display:none !important;}<\/style>\n<\/div>\n<div class=\"construcappart\"><b>Construcci\u00f3n<\/b>A\u00f1os 30 Piedra y ladrillo <\/div>\n<div class=\"chambresappart\"><b>Habitaciones<\/b>: 1<\/div>\n<div class=\"chambresmaison\"><b>Habitaciones<\/b>: <\/p>\n<style>.chambresmaison {display:none !important;}<\/style>\n<\/div>\n<div class=\"chambresimmeuble\"><b>Habitaciones<\/b>: <\/p>\n<style>.chambresimmeuble {display:none !important;}<\/style>\n<\/div>\n<div class=\"vuedappart\"><b>Ver<\/b>:  <\/p>\n<style>.vuedappart {display:none !important;}<\/style>\n<\/div>\n<div class=\"vuemaison\"><b>Ver<\/b>:  <\/p>\n<style>.vuemaison {display:none !important;}<\/style>\n<\/div>\n<div class=\"fenetresmaison\"><b>Windows<\/b>:\u00a0 <\/p>\n<style>.fenetresmaison {display:none !important;}<\/style>\n<\/div>\n<div class=\"fenetresappart\"><b>Windows<\/b>Doble acristalamiento <\/div>\n<div class=\"chauffagemaison\"><b>Calefacci\u00f3n<\/b>:  <\/p>\n<style>.chauffagemaison {display:none !important;}<\/style>\n<\/div>\n<div class=\"chauffagemodemaison\"><b>Calefacci\u00f3n<\/b>: <\/p>\n<style>.chauffagemodemaison {display:none !important;}<\/style>\n<\/div>\n<div class=\"chauffageappart\"><b>Calefacci\u00f3n<\/b>Individual <\/div>\n<div class=\"chauffagemodeappart\"><b>Calefacci\u00f3n<\/b>El\u00e9ctrico<\/div>\n<div class=\"cuisinemaison\"><b>Cocina<\/b>: <\/p>\n<style>.cuisinemaison {display:none !important;}<\/style>\n<\/div>\n<div class=\"cuisineappart\"><b>Cocina<\/b>: IndependanteEquipee <\/p>\n<style>.cuisineappart {display:none !important;}<\/style>\n<\/div>\n<div class=\"honovente\"><b>Hono<\/b>: Vendedor <\/div>\n<div class=\"honoloc\"><b>Hono<\/b>: \u20ac <\/p>\n<style>.honoloc {display:none !important;}<\/style>\n<\/div>\n<\/div>\n<p>&nbsp;<\/p>\n<div class=\"dpeappart\"><img decoding=\"async\" src=\"\/wp-content\/uploads\/2020\/03\/DPE-C.png\" \/><\/div>\n<div class=\"dpemaison\"><\/div>","protected":false},"excerpt":{"rendered":"<p>  A 2 minutos de la estaci\u00f3n de metro l\u00ednea 7 Aubervilliers-Pantin Quatre Chemins y a 16 minutos de la estaci\u00f3n de metro l\u00ednea 12 Mairie d'Aubervilliers. Condominio que data de la d\u00e9cada de 1930, en un peque\u00f1o edificio de una planta en la parte trasera del patio, en un nivel tranquilo jard\u00edn, un piso totalmente renovado con vistas a un peque\u00f1o jard\u00edn, que consta de dos habitaciones, cocina independiente equipada con trastero, cuarto de ducha con WC y una bodega independiente en el s\u00f3tano debajo de la plana.<br \/>\nCalefacci\u00f3n el\u00e9ctrica individual, ventanas de doble acristalamiento.<br \/>\nGastos anuales de copropiedad: aprox. 1.512 euros.      <\/p>\n<div class=\"column1 halfcolomnproductsingle\">\n<div class=\"prixvente\"><b>Precios<\/b>: 209000 \u20ac <\/div>\n<div class=\"prixloyer\"><b>Alquiler<\/b>: \u20ac \/mes<\/p>\n<style>.prixloyer {display:none !important;}<\/style>\n<\/div>\n<div class=\"caution\"><b>Dep\u00f3sito<\/b>: \u20ac <\/p>\n<style>.caution {display:none !important;}<\/style>\n<\/div>\n<div class=\"gesmaison\"><b>Em. CO2:\u00a0<\/b> <\/p>\n<style>.gesmaison {display:none !important;}<\/style>\n<\/div>\n<div class=\"gesappart\"><b>Em. CO2:\u00a0<\/b>A <\/div>\n<div class=\"consomaison\"><b>Consumo<\/b>Kw\/h <\/p>\n<style>.consomaison {display:none !important;}<\/style>\n<\/div>\n<div class=\"consoappart\"><b>Consumo<\/b>: 171 Kw\/h <\/div>\n<div class=\"ville\"><b>Ciudad<\/b>93300 AUBERVILLIERS<\/div>\n<div class=\"surfacemaison\"><b>Superficie<\/b>: m2 <\/p>\n<style>.surfacemaison {display:none !important;}<\/style>\n<\/div>\n<div class=\"surfaceappart\"><b>Superficie<\/b>: 35m2 <\/div>\n<div class=\"surfaceimmeuble\"><b>Superficie<\/b>: m2 <\/p>\n<style>.surfaceimmeuble {display:none !important;}<\/style>\n<\/div>\n<div class=\"surfaceparking\"><b>Superficie<\/b>: m2 <\/p>\n<style>.surfaceparking {display:none !important;}<\/style>\n<\/div>\n<div class=\"surfaceterrain\"><b>Superficie<\/b>: m2 <\/p>\n<style>.surfaceterrain {display:none !important;}<\/style>\n<\/div>\n<div class=\"piecesmaison\"><b>Piezas<\/b>:  <\/p>\n<style>.piecesmaison {display:none !important;}<\/style>\n<\/div>\n<div class=\"piecesappart\"><b>Piezas<\/b>: 2 <\/div>\n<div class=\"piecesimmeuble\"><b>Piezas<\/b>: <\/p>\n<style>.piecesimmeuble {display:none !important;}<\/style>\n<\/div>\n<div class=\"sdbmaison\"><b>Ba\u00f1os S.<\/b>:  <\/p>\n<style>.sdbmaison {display:none !important;}<\/style>\n<\/div>\n<div class=\"sdbappart\"><b>Ba\u00f1os S.<\/b>: 0 <\/p>\n<style>.sdbappart {display:none !important;}<\/style>\n<\/div>\n<div class=\"sdemaison\"><b>S. agua<\/b>: <\/p>\n<style>.sdemaison {display:none !important;}<\/style>\n<\/div>\n<div class=\"sdeappart\"><b>S. agua<\/b>: 1 <\/div>\n<div class=\"etagesappart\"><b>Suelo<\/b>: 0\/1<\/p>\n<style>.etagesappart {display:none !important;}<\/style>\n<\/div>\n<div class=\"etagesmaison\"><b>Suelo<\/b>: \/<\/p>\n<style>.etagesmaison {display:none !important;}<\/style>\n<\/div>\n<div class=\"etagesimmeuble\"><b>Suelo<\/b>:  <\/p>\n<style>.etagesimmeuble {display:none !important;}<\/style>\n<\/div><\/div>\n<div class=\"column1 halfcolomnproductsingle\">\n<div class=\"assainissementterrain\"><b>Saneamiento<\/b>: <\/p>\n<style>.assainissementterrain {display:none !important;}<\/style>\n<\/div>\n<div class=\"construcmaison\"><b>Construcci\u00f3n<\/b>:   <\/p>\n<style>.construcmaison {display:none !important;}<\/style>\n<\/div>\n<div class=\"construcappart\"><b>Construcci\u00f3n<\/b>A\u00f1os 30 Piedra y ladrillo <\/div>\n<div class=\"chambresappart\"><b>Habitaciones<\/b>: 1<\/div>\n<div class=\"chambresmaison\"><b>Habitaciones<\/b>: <\/p>\n<style>.chambresmaison {display:none !important;}<\/style>\n<\/div>\n<div class=\"chambresimmeuble\"><b>Habitaciones<\/b>: <\/p>\n<style>.chambresimmeuble {display:none !important;}<\/style>\n<\/div>\n<div class=\"vuedappart\"><b>Ver<\/b>:  <\/p>\n<style>.vuedappart {display:none !important;}<\/style>\n<\/div>\n<div class=\"vuemaison\"><b>Ver<\/b>:  <\/p>\n<style>.vuemaison {display:none !important;}<\/style>\n<\/div>\n<div class=\"fenetresmaison\"><b>Windows<\/b>:\u00a0 <\/p>\n<style>.fenetresmaison {display:none !important;}<\/style>\n<\/div>\n<div class=\"fenetresappart\"><b>Windows<\/b>Doble acristalamiento <\/div>\n<div class=\"chauffagemaison\"><b>Calefacci\u00f3n<\/b>:  <\/p>\n<style>.chauffagemaison {display:none !important;}<\/style>\n<\/div>\n<div class=\"chauffagemodemaison\"><b>Calefacci\u00f3n<\/b>: <\/p>\n<style>.chauffagemodemaison {display:none !important;}<\/style>\n<\/div>\n<div class=\"chauffageappart\"><b>Calefacci\u00f3n<\/b>Individual <\/div>\n<div class=\"chauffagemodeappart\"><b>Calefacci\u00f3n<\/b>El\u00e9ctrico<\/div>\n<div class=\"cuisinemaison\"><b>Cocina<\/b>: <\/p>\n<style>.cuisinemaison {display:none !important;}<\/style>\n<\/div>\n<div class=\"cuisineappart\"><b>Cocina<\/b>: IndependanteEquipee <\/p>\n<style>.cuisineappart {display:none !important;}<\/style>\n<\/div>\n<div class=\"honovente\"><b>Hono<\/b>: Vendedor <\/div>\n<div class=\"honoloc\"><b>Hono<\/b>: \u20ac <\/p>\n<style>.honoloc {display:none !important;}<\/style>\n<\/div><\/div>\n<p> \u00a0   <\/p>\n<div class=\"dpeappart\" style=\"display: none;\"><img decoding=\"async\" src=\"\/wp-content\/uploads\/2020\/03\/DPE-C.png\" \/><\/div>\n<div class=\"dpemaison\" style=\"display: none;\"><\/div>","protected":false},"featured_media":4058742,"template":"","meta":{"_et_pb_use_builder":"on","_et_pb_old_content":"","_et_gb_content_width":""},"product_brand":[],"product_cat":[984],"product_tag":[3179],"ville":[],"code_postal":[],"mot_cle":[3180,963,3088,966,964,965],"surface_bien":[],"type_produit":[2268],"prix_loc":[2285],"prix_transac":[2832],"vendu":[2453],"class_list":{"0":"post-4057925","1":"product","2":"type-product","3":"status-publish","4":"has-post-thumbnail","6":"product_cat-appartement","7":"product_tag-aubervilliers-pierre-et-brique-appartement-a-vendre-maison-a-vendre-transaction-immobilier-aubervilliers-immobilier-93300","8":"pa_prixtransactionpouralerte-2437","9":"mot_cle-3180","10":"mot_cle-appartement-a-vendre","11":"mot_cle-aubervilliers","12":"mot_cle-immobilier","13":"mot_cle-maison-a-vendre","14":"mot_cle-transaction","15":"type_produit-acheter","16":"prix_loc-2285","17":"prix_transac-209000-00","19":"first","20":"instock","21":"purchasable","22":"product-type-simple"},"yoast_head":"<!-- This site is optimized with the Yoast SEO plugin v27.5 - https:\/\/yoast.com\/product\/yoast-seo-wordpress\/ -->\n<title>A vendre Appartement Aubervilliers 2 pi\u00e8ce(s) 35,32 m2<\/title>\n<meta name=\"description\" content=\"Immobilier A vendreA louer Appartement Aubervilliers 2 pi\u00e8ce(s) 35,32 m2 93300, Aubervilliers, location et vente\" \/>\n<meta name=\"robots\" content=\"index, follow, max-snippet:-1, max-image-preview:large, max-video-preview:-1\" \/>\n<link rel=\"canonical\" href=\"https:\/\/aubervilliers-immobilier.fr\/es\/transaction-location\/piso-aubervilliers-2-habitaciones-3532-m2\/\" \/>\n<meta property=\"og:locale\" content=\"es_ES\" \/>\n<meta property=\"og:type\" content=\"article\" \/>\n<meta property=\"og:title\" content=\"A vendre Appartement Aubervilliers 2 pi\u00e8ce(s) 35,32 m2\" \/>\n<meta property=\"og:description\" content=\"Immobilier A vendreA louer Appartement Aubervilliers 2 pi\u00e8ce(s) 35,32 m2 93300, Aubervilliers, location et vente\" \/>\n<meta property=\"og:url\" content=\"https:\/\/aubervilliers-immobilier.fr\/es\/transaction-location\/piso-aubervilliers-2-habitaciones-3532-m2\/\" \/>\n<meta property=\"og:site_name\" content=\"Aubervilliers Immobilier | Agence Immobili\u00e8re \u00e0 Aubervilliers\" \/>\n<meta property=\"article:modified_time\" content=\"2026-01-27T13:01:33+00:00\" \/>\n<meta property=\"og:image\" content=\"https:\/\/aubervilliers-immobilier.fr\/wp-content\/uploads\/2024\/12\/2023-150356.jpg\" \/>\n\t<meta property=\"og:image:width\" content=\"1920\" \/>\n\t<meta property=\"og:image:height\" content=\"1080\" \/>\n\t<meta property=\"og:image:type\" content=\"image\/jpeg\" \/>\n<meta name=\"twitter:card\" content=\"summary_large_image\" \/>\n<meta name=\"twitter:label1\" content=\"Tiempo de lectura\" \/>\n\t<meta name=\"twitter:data1\" content=\"1 minuto\" \/>\n<script type=\"application\/ld+json\" class=\"yoast-schema-graph\">{\"@context\":\"https:\\\/\\\/schema.org\",\"@graph\":[{\"@type\":\"WebPage\",\"@id\":\"https:\\\/\\\/aubervilliers-immobilier.fr\\\/transaction-location\\\/appartement-aubervilliers-2-pieces-3532-m2\\\/\",\"url\":\"https:\\\/\\\/aubervilliers-immobilier.fr\\\/transaction-location\\\/appartement-aubervilliers-2-pieces-3532-m2\\\/\",\"name\":\"A vendre Appartement Aubervilliers 2 pi\u00e8ce(s) 35,32 m2\",\"isPartOf\":{\"@id\":\"https:\\\/\\\/aubervilliers-immobilier.fr\\\/#website\"},\"primaryImageOfPage\":{\"@id\":\"https:\\\/\\\/aubervilliers-immobilier.fr\\\/transaction-location\\\/appartement-aubervilliers-2-pieces-3532-m2\\\/#primaryimage\"},\"image\":{\"@id\":\"https:\\\/\\\/aubervilliers-immobilier.fr\\\/transaction-location\\\/appartement-aubervilliers-2-pieces-3532-m2\\\/#primaryimage\"},\"thumbnailUrl\":\"https:\\\/\\\/aubervilliers-immobilier.fr\\\/wp-content\\\/uploads\\\/2024\\\/12\\\/2023-150356.jpg\",\"datePublished\":\"2023-10-03T22:00:00+00:00\",\"dateModified\":\"2026-01-27T13:01:33+00:00\",\"description\":\"Immobilier A vendreA louer Appartement Aubervilliers 2 pi\u00e8ce(s) 35,32 m2 93300, Aubervilliers, location et vente\",\"breadcrumb\":{\"@id\":\"https:\\\/\\\/aubervilliers-immobilier.fr\\\/transaction-location\\\/appartement-aubervilliers-2-pieces-3532-m2\\\/#breadcrumb\"},\"inLanguage\":\"es\",\"potentialAction\":[{\"@type\":\"ReadAction\",\"target\":[\"https:\\\/\\\/aubervilliers-immobilier.fr\\\/transaction-location\\\/appartement-aubervilliers-2-pieces-3532-m2\\\/\"]}]},{\"@type\":\"ImageObject\",\"inLanguage\":\"es\",\"@id\":\"https:\\\/\\\/aubervilliers-immobilier.fr\\\/transaction-location\\\/appartement-aubervilliers-2-pieces-3532-m2\\\/#primaryimage\",\"url\":\"https:\\\/\\\/aubervilliers-immobilier.fr\\\/wp-content\\\/uploads\\\/2024\\\/12\\\/2023-150356.jpg\",\"contentUrl\":\"https:\\\/\\\/aubervilliers-immobilier.fr\\\/wp-content\\\/uploads\\\/2024\\\/12\\\/2023-150356.jpg\",\"width\":1920,\"height\":1080,\"caption\":\"Saint Denis Immobilier\"},{\"@type\":\"BreadcrumbList\",\"@id\":\"https:\\\/\\\/aubervilliers-immobilier.fr\\\/transaction-location\\\/appartement-aubervilliers-2-pieces-3532-m2\\\/#breadcrumb\",\"itemListElement\":[{\"@type\":\"ListItem\",\"position\":1,\"name\":\"Home\",\"item\":\"https:\\\/\\\/aubervilliers-immobilier.fr\\\/\"},{\"@type\":\"ListItem\",\"position\":2,\"name\":\"Appartements &#038; Maisons \u00e0 Vendre\",\"item\":\"https:\\\/\\\/aubervilliers-immobilier.fr\\\/?page_id=18775\"},{\"@type\":\"ListItem\",\"position\":3,\"name\":\"Appartement Aubervilliers 2 pi\u00e8ce(s) 35,32 m2\"}]},{\"@type\":\"WebSite\",\"@id\":\"https:\\\/\\\/aubervilliers-immobilier.fr\\\/#website\",\"url\":\"https:\\\/\\\/aubervilliers-immobilier.fr\\\/\",\"name\":\"Aubervilliers Immobilier | Agence Immobili\u00e8re \u00e0 Aubervilliers\",\"description\":\"\",\"publisher\":{\"@id\":\"https:\\\/\\\/aubervilliers-immobilier.fr\\\/#organization\"},\"potentialAction\":[{\"@type\":\"SearchAction\",\"target\":{\"@type\":\"EntryPoint\",\"urlTemplate\":\"https:\\\/\\\/aubervilliers-immobilier.fr\\\/?s={search_term_string}\"},\"query-input\":{\"@type\":\"PropertyValueSpecification\",\"valueRequired\":true,\"valueName\":\"search_term_string\"}}],\"inLanguage\":\"es\"},{\"@type\":\"Organization\",\"@id\":\"https:\\\/\\\/aubervilliers-immobilier.fr\\\/#organization\",\"name\":\"Aubervilliers Immobilier\",\"url\":\"https:\\\/\\\/aubervilliers-immobilier.fr\\\/\",\"logo\":{\"@type\":\"ImageObject\",\"inLanguage\":\"es\",\"@id\":\"https:\\\/\\\/aubervilliers-immobilier.fr\\\/#\\\/schema\\\/logo\\\/image\\\/\",\"url\":\"https:\\\/\\\/aubervilliers-immobilier.fr\\\/wp-content\\\/uploads\\\/2020\\\/03\\\/cropped-colorupdate-logo-new-cropped-2-2.png\",\"contentUrl\":\"https:\\\/\\\/aubervilliers-immobilier.fr\\\/wp-content\\\/uploads\\\/2020\\\/03\\\/cropped-colorupdate-logo-new-cropped-2-2.png\",\"width\":512,\"height\":512,\"caption\":\"Aubervilliers Immobilier\"},\"image\":{\"@id\":\"https:\\\/\\\/aubervilliers-immobilier.fr\\\/#\\\/schema\\\/logo\\\/image\\\/\"}}]}<\/script>\n<!-- \/ Yoast SEO plugin. -->","yoast_head_json":{"title":"A vendre Appartement Aubervilliers 2 pi\u00e8ce(s) 35,32 m2","description":"Immobilier A vendreA louer Appartement Aubervilliers 2 pi\u00e8ce(s) 35,32 m2 93300, Aubervilliers, location et vente","robots":{"index":"index","follow":"follow","max-snippet":"max-snippet:-1","max-image-preview":"max-image-preview:large","max-video-preview":"max-video-preview:-1"},"canonical":"https:\/\/aubervilliers-immobilier.fr\/es\/transaction-location\/piso-aubervilliers-2-habitaciones-3532-m2\/","og_locale":"es_ES","og_type":"article","og_title":"A vendre Appartement Aubervilliers 2 pi\u00e8ce(s) 35,32 m2","og_description":"Immobilier A vendreA louer Appartement Aubervilliers 2 pi\u00e8ce(s) 35,32 m2 93300, Aubervilliers, location et vente","og_url":"https:\/\/aubervilliers-immobilier.fr\/es\/transaction-location\/piso-aubervilliers-2-habitaciones-3532-m2\/","og_site_name":"Aubervilliers Immobilier | Agence Immobili\u00e8re \u00e0 Aubervilliers","article_modified_time":"2026-01-27T13:01:33+00:00","og_image":[{"width":1920,"height":1080,"url":"https:\/\/aubervilliers-immobilier.fr\/wp-content\/uploads\/2024\/12\/2023-150356.jpg","type":"image\/jpeg"}],"twitter_card":"summary_large_image","twitter_misc":{"Tiempo de lectura":"1 minuto"},"schema":{"@context":"https:\/\/schema.org","@graph":[{"@type":"WebPage","@id":"https:\/\/aubervilliers-immobilier.fr\/transaction-location\/appartement-aubervilliers-2-pieces-3532-m2\/","url":"https:\/\/aubervilliers-immobilier.fr\/transaction-location\/appartement-aubervilliers-2-pieces-3532-m2\/","name":"A vendre Appartement Aubervilliers 2 pi\u00e8ce(s) 35,32 m2","isPartOf":{"@id":"https:\/\/aubervilliers-immobilier.fr\/#website"},"primaryImageOfPage":{"@id":"https:\/\/aubervilliers-immobilier.fr\/transaction-location\/appartement-aubervilliers-2-pieces-3532-m2\/#primaryimage"},"image":{"@id":"https:\/\/aubervilliers-immobilier.fr\/transaction-location\/appartement-aubervilliers-2-pieces-3532-m2\/#primaryimage"},"thumbnailUrl":"https:\/\/aubervilliers-immobilier.fr\/wp-content\/uploads\/2024\/12\/2023-150356.jpg","datePublished":"2023-10-03T22:00:00+00:00","dateModified":"2026-01-27T13:01:33+00:00","description":"Immobilier A vendreA louer Appartement Aubervilliers 2 pi\u00e8ce(s) 35,32 m2 93300, Aubervilliers, location et vente","breadcrumb":{"@id":"https:\/\/aubervilliers-immobilier.fr\/transaction-location\/appartement-aubervilliers-2-pieces-3532-m2\/#breadcrumb"},"inLanguage":"es","potentialAction":[{"@type":"ReadAction","target":["https:\/\/aubervilliers-immobilier.fr\/transaction-location\/appartement-aubervilliers-2-pieces-3532-m2\/"]}]},{"@type":"ImageObject","inLanguage":"es","@id":"https:\/\/aubervilliers-immobilier.fr\/transaction-location\/appartement-aubervilliers-2-pieces-3532-m2\/#primaryimage","url":"https:\/\/aubervilliers-immobilier.fr\/wp-content\/uploads\/2024\/12\/2023-150356.jpg","contentUrl":"https:\/\/aubervilliers-immobilier.fr\/wp-content\/uploads\/2024\/12\/2023-150356.jpg","width":1920,"height":1080,"caption":"Saint Denis Immobilier"},{"@type":"BreadcrumbList","@id":"https:\/\/aubervilliers-immobilier.fr\/transaction-location\/appartement-aubervilliers-2-pieces-3532-m2\/#breadcrumb","itemListElement":[{"@type":"ListItem","position":1,"name":"Home","item":"https:\/\/aubervilliers-immobilier.fr\/"},{"@type":"ListItem","position":2,"name":"Appartements &#038; Maisons \u00e0 Vendre","item":"https:\/\/aubervilliers-immobilier.fr\/?page_id=18775"},{"@type":"ListItem","position":3,"name":"Appartement Aubervilliers 2 pi\u00e8ce(s) 35,32 m2"}]},{"@type":"WebSite","@id":"https:\/\/aubervilliers-immobilier.fr\/#website","url":"https:\/\/aubervilliers-immobilier.fr\/","name":"Aubervilliers Immobilier | Agence Immobili\u00e8re \u00e0 Aubervilliers","description":"","publisher":{"@id":"https:\/\/aubervilliers-immobilier.fr\/#organization"},"potentialAction":[{"@type":"SearchAction","target":{"@type":"EntryPoint","urlTemplate":"https:\/\/aubervilliers-immobilier.fr\/?s={search_term_string}"},"query-input":{"@type":"PropertyValueSpecification","valueRequired":true,"valueName":"search_term_string"}}],"inLanguage":"es"},{"@type":"Organization","@id":"https:\/\/aubervilliers-immobilier.fr\/#organization","name":"Aubervilliers Immobilier","url":"https:\/\/aubervilliers-immobilier.fr\/","logo":{"@type":"ImageObject","inLanguage":"es","@id":"https:\/\/aubervilliers-immobilier.fr\/#\/schema\/logo\/image\/","url":"https:\/\/aubervilliers-immobilier.fr\/wp-content\/uploads\/2020\/03\/cropped-colorupdate-logo-new-cropped-2-2.png","contentUrl":"https:\/\/aubervilliers-immobilier.fr\/wp-content\/uploads\/2020\/03\/cropped-colorupdate-logo-new-cropped-2-2.png","width":512,"height":512,"caption":"Aubervilliers Immobilier"},"image":{"@id":"https:\/\/aubervilliers-immobilier.fr\/#\/schema\/logo\/image\/"}}]}},"_links":{"self":[{"href":"https:\/\/aubervilliers-immobilier.fr\/es\/wp-json\/wp\/v2\/product\/4057925","targetHints":{"allow":["GET"]}}],"collection":[{"href":"https:\/\/aubervilliers-immobilier.fr\/es\/wp-json\/wp\/v2\/product"}],"about":[{"href":"https:\/\/aubervilliers-immobilier.fr\/es\/wp-json\/wp\/v2\/types\/product"}],"wp:featuredmedia":[{"embeddable":true,"href":"https:\/\/aubervilliers-immobilier.fr\/es\/wp-json\/wp\/v2\/media\/4058742"}],"wp:attachment":[{"href":"https:\/\/aubervilliers-immobilier.fr\/es\/wp-json\/wp\/v2\/media?parent=4057925"}],"wp:term":[{"taxonomy":"product_brand","embeddable":true,"href":"https:\/\/aubervilliers-immobilier.fr\/es\/wp-json\/wp\/v2\/product_brand?post=4057925"},{"taxonomy":"product_cat","embeddable":true,"href":"https:\/\/aubervilliers-immobilier.fr\/es\/wp-json\/wp\/v2\/product_cat?post=4057925"},{"taxonomy":"product_tag","embeddable":true,"href":"https:\/\/aubervilliers-immobilier.fr\/es\/wp-json\/wp\/v2\/product_tag?post=4057925"},{"taxonomy":"ville","embeddable":true,"href":"https:\/\/aubervilliers-immobilier.fr\/es\/wp-json\/wp\/v2\/ville?post=4057925"},{"taxonomy":"code_postal","embeddable":true,"href":"https:\/\/aubervilliers-immobilier.fr\/es\/wp-json\/wp\/v2\/code_postal?post=4057925"},{"taxonomy":"mot_cle","embeddable":true,"href":"https:\/\/aubervilliers-immobilier.fr\/es\/wp-json\/wp\/v2\/mot_cle?post=4057925"},{"taxonomy":"surface_bien","embeddable":true,"href":"https:\/\/aubervilliers-immobilier.fr\/es\/wp-json\/wp\/v2\/surface_bien?post=4057925"},{"taxonomy":"type_produit","embeddable":true,"href":"https:\/\/aubervilliers-immobilier.fr\/es\/wp-json\/wp\/v2\/type_produit?post=4057925"},{"taxonomy":"prix_loc","embeddable":true,"href":"https:\/\/aubervilliers-immobilier.fr\/es\/wp-json\/wp\/v2\/prix_loc?post=4057925"},{"taxonomy":"prix_transac","embeddable":true,"href":"https:\/\/aubervilliers-immobilier.fr\/es\/wp-json\/wp\/v2\/prix_transac?post=4057925"},{"taxonomy":"vendu","embeddable":true,"href":"https:\/\/aubervilliers-immobilier.fr\/es\/wp-json\/wp\/v2\/vendu?post=4057925"}],"curies":[{"name":"wp","href":"https:\/\/api.w.org\/{rel}","templated":true}]}}